{"id":6692520,"date":"2022-10-03T19:16:35","date_gmt":"2022-10-03T19:16:35","guid":{"rendered":"https:\/\/sunpropertyrealestate.cominmueble\/venta\/villas\/santa-cruz-de-tenerife\/adeje\/0123\/"},"modified":"2022-10-03T19:16:35","modified_gmt":"2022-10-03T19:16:35","slug":"villa-de-charme-avec-vue-mer-a-el-madronal-costa-adeje-0123","status":"publish","type":"property","link":"https:\/\/sunpropertyrealestate.com\/fr\/inmueble\/venta\/villas\/santa-cruz-de-tenerife\/adeje\/0123\/","title":{"rendered":"VILLA DE CHARME AVEC VUE MER  \u00e0 EL MADRO\u00d1AL COSTA ADEJE &#8211; 0123"},"content":{"rendered":"<p>D\u00e9couvrez cette propri\u00e9t\u00e9 exclusive situ\u00e9e \u00e0 El Madro\u00f1al, l?un des quartiers r\u00e9sidentiels les plus pris\u00e9s du sud de Tenerife. \u00c0 quelques minutes seulement des c\u00e9l\u00e8bres plages de Costa Adeje et \u00e0 proximit\u00e9 de tous les services, cette villa offre \u00e9l\u00e9gance, intimit\u00e9 et confort dans un cadre paisible et privil\u00e9gi\u00e9.<br \/>Meubl\u00e9e avec go\u00fbt et raffinement, cette maison est un v\u00e9ritable havre de paix, avec une vue imprenable sur la mer depuis presque toutes les pi\u00e8ces.<br \/>R\u00e9partie sur deux \u00e9tages plus un sous-sol, la propri\u00e9t\u00e9 comprend au rez-de-chauss\u00e9e un grand salon lumineux avec vue sur la mer, une salle \u00e0 manger avec acc\u00e8s au patio et vue sur le jardin arbor\u00e9 de fruitiers et sur la mer, une cuisine ind\u00e9pendante enti\u00e8rement \u00e9quip\u00e9e, une chambre double et une salle de bains avec douche.<br \/>\u00c0 l?ext\u00e9rieur, vous trouverez un agr\u00e9able espace repas avec barbecue ainsi qu?une charmante piscine priv\u00e9e chauff\u00e9e, entour\u00e9e de jardins bien entretenus.<br \/>\u00c0 l?\u00e9tage sup\u00e9rieur, la chambre principale dispose d?une salle de bains privative (baignoire + douche) et d?un grand balcon avec vue sur la mer. Une deuxi\u00e8me chambre avec deux lits simples, salle de bains en suite et une grande terrasse priv\u00e9e compl\u00e8te ce niveau.<br \/>Au sous-sol, une spacieuse salle de s\u00e9jour a \u00e9t\u00e9 am\u00e9nag\u00e9e en chambre suppl\u00e9mentaire, pouvant accueillir jusqu?\u00e0 4 personnes, avec une salle de bains compl\u00e8te.<br \/>La propri\u00e9t\u00e9 dispose \u00e9galement d?un garage ferm\u00e9 priv\u00e9, pour plus de s\u00e9curit\u00e9 et de confort.<br \/>Une propri\u00e9t\u00e9 unique par sa situation, sa disposition et sa vue. Id\u00e9ale comme r\u00e9sidence principale, maison de vacances exclusive au c?ur du sud de Tenerife ou investissement locatif.<br \/>Ne manquez pas cette opportunit\u00e9. Contactez-nous pour plus d?informations ou pour organiser une visite priv\u00e9e.<\/p>\n","protected":false},"excerpt":{"rendered":"<p>D\u00e9couvrez cette propri\u00e9t\u00e9 exclusive situ\u00e9e \u00e0 El Madro\u00f1al, l?un des quartiers r\u00e9sidentiels les plus pris\u00e9s du sud de Tenerife. \u00c0 quelques minutes seulement des c\u00e9l\u00e8bres plages de Costa Adeje et \u00e0 proximit\u00e9 de tous les services, cette villa offre \u00e9l\u00e9gance, intimit\u00e9 et confort dans un cadre paisible et privil\u00e9gi\u00e9.~Meubl\u00e9e <\/p>\n","protected":false},"author":3,"featured_media":6692523,"parent":0,"menu_order":0,"template":"","property_type":[238],"property_status":[242],"property_feature":[246,270,266,328,336,258,254,310,250],"property_label":[],"property_country":[],"property_state":[168],"property_city":[179],"property_area":[205],"property_meta":{"fave_agent":["17769"],"fave_agents":["17769"],"fave_agent_display_option":["agent_info"],"property_agent":["17769"],"custom_permalink":["inmueble\/venta\/villas\/santa-cruz-de-tenerife\/adeje\/0123\/"],"_thumbnail_id":["6692523"],"post_id":["Array"],"original_author":["3"],"_edit_lock":["1604137107:1"],"_edit_last":["1"],"fave_property_map_street_view":["show"],"fave_payment_status":["not_paid"],"fave_single_top_area":["global"],"fave_single_content_area":["global"],"houzez_manual_expire":["0"],"fave_property_size_prefix":["m&sup2;"],"fave_property_map":["1"],"fave_additional_features_enable":["disable"],"fave_floor_plans_enable":["disable"],"fave_multiunit_plans_enable":["disable"],"fave_prop_homeslider":["no"],"fave_featured":["0"],"fave_property_address":["Adeje,Santa Cruz de Tenerife"],"fave_property_zip":["38660"],"houzez_geolocation_lat":["28.09408691"],"houzez_geolocation_long":["-16.72403446"],"fave_property_location":["28.09408691,-16.72403446"],"fave_property_country":["ES"],"fave_property_map_address":["Adeje,Santa Cruz de Tenerife,Spain"],"referencia":["0123"],"fave_property_id":["0123"],"fave_property_bedrooms":["4"],"fave_property_bathrooms":["4"],"fave_property_garage":["2"],"fave_property_land":["0"],"ave_property_land_postfix":["m&sup2;"],"fave_property_size":["320"],"fave_property_year":["0"],"fave_energy_global_index":["0 kWh\/m&sup2; \/0 Kg CO2\/m&sup2;"],"fave_energy_class":["N"],"estate_attr_energy_class":["N"],"REAL_HOMES_property_emisiones":["0"],"REAL_HOMES_property_consumo":["0"],"REAL_HOMES_property_letra":["N"],"estate_video":[""],"fave_virtual_tour":[""],"vendidoInmueble":[""],"fave_property_price":["2100000"],"fave_property_price_postfix":[""],"fave_property_images":["6692523","6692524","6692525","6692526","6692527","6692528","6692529","6692530","6692531","6692532","6692533","6692534","6692535","6692536","6692537","6692538","6692539","6692540","6692541","6692542","6692543","6692544","6692545","6692546","6692547","6692548","6692549","6692550","6692551","6692552","6692553","6692554","6692555","6692556","6692557","6692558"],"houzez_total_property_views":["2"],"houzez_views_by_date":["a:1:{s:10:\"04-28-2026\";i:2;}"],"houzez_recently_viewed":["2026-04-28 20:24:50"]},"_links":{"self":[{"href":"https:\/\/sunpropertyrealestate.com\/fr\/wp-json\/wp\/v2\/properties\/6692520"}],"collection":[{"href":"https:\/\/sunpropertyrealestate.com\/fr\/wp-json\/wp\/v2\/properties"}],"about":[{"href":"https:\/\/sunpropertyrealestate.com\/fr\/wp-json\/wp\/v2\/types\/property"}],"author":[{"embeddable":true,"href":"https:\/\/sunpropertyrealestate.com\/fr\/wp-json\/wp\/v2\/users\/3"}],"version-history":[{"count":0,"href":"https:\/\/sunpropertyrealestate.com\/fr\/wp-json\/wp\/v2\/properties\/6692520\/revisions"}],"wp:featuredmedia":[{"embeddable":true,"href":"https:\/\/sunpropertyrealestate.com\/fr\/wp-json\/wp\/v2\/media\/6692523"}],"wp:attachment":[{"href":"https:\/\/sunpropertyrealestate.com\/fr\/wp-json\/wp\/v2\/media?parent=6692520"}],"wp:term":[{"taxonomy":"property_type","embeddable":true,"href":"https:\/\/sunpropertyrealestate.com\/fr\/wp-json\/wp\/v2\/property_type?post=6692520"},{"taxonomy":"property_status","embeddable":true,"href":"https:\/\/sunpropertyrealestate.com\/fr\/wp-json\/wp\/v2\/property_status?post=6692520"},{"taxonomy":"property_feature","embeddable":true,"href":"https:\/\/sunpropertyrealestate.com\/fr\/wp-json\/wp\/v2\/property_feature?post=6692520"},{"taxonomy":"property_label","embeddable":true,"href":"https:\/\/sunpropertyrealestate.com\/fr\/wp-json\/wp\/v2\/property_label?post=6692520"},{"taxonomy":"property_country","embeddable":true,"href":"https:\/\/sunpropertyrealestate.com\/fr\/wp-json\/wp\/v2\/property_country?post=6692520"},{"taxonomy":"property_state","embeddable":true,"href":"https:\/\/sunpropertyrealestate.com\/fr\/wp-json\/wp\/v2\/property_state?post=6692520"},{"taxonomy":"property_city","embeddable":true,"href":"https:\/\/sunpropertyrealestate.com\/fr\/wp-json\/wp\/v2\/property_city?post=6692520"},{"taxonomy":"property_area","embeddable":true,"href":"https:\/\/sunpropertyrealestate.com\/fr\/wp-json\/wp\/v2\/property_area?post=6692520"}],"curies":[{"name":"wp","href":"https:\/\/api.w.org\/{rel}","templated":true}]}}