{"id":7188405,"date":"2026-09-04T13:47:18","date_gmt":"2026-09-04T13:47:18","guid":{"rendered":"https:\/\/sunpropertyrealestate.cominmueble\/venta\/apartamento\/santa-cruz-de-tenerife\/granadilla-de-abona\/16409c26\/"},"modified":"2026-09-04T13:47:18","modified_gmt":"2026-09-04T13:47:18","slug":"spacieux-appartement-a-seulement-100-metres-de-la-mer-a-el-medano-3-chambres-garage-et-16409c26","status":"publish","type":"property","link":"https:\/\/sunpropertyrealestate.com\/fr\/inmueble\/venta\/apartamento\/santa-cruz-de-tenerife\/granadilla-de-abona\/16409c26\/","title":{"rendered":"SPACIEUX APPARTEMENT \u00c0 SEULEMENT 100 M\u00c8TRES DE LA MER \u00c0 EL M\u00c9DANO ? 3 CHAMBRES, GARAGE ET  &#8211; 16409c26"},"content":{"rendered":"<p>Sun Property pr\u00e9sente ce spacieux appartement situ\u00e9 dans un emplacement privil\u00e9gi\u00e9 \u00e0 El M\u00e9dano, \u00e0 seulement 100 m\u00e8tres de la mer, dans l&rsquo;un des quartiers les plus attrayants et recherch\u00e9s de cette agr\u00e9able station baln\u00e9aire. Une excellente opportunit\u00e9 pour profiter de la proximit\u00e9 de la mer, du climat agr\u00e9able et de tout ce qu&rsquo;El M\u00e9dano a \u00e0 offrir.<br \/>Le logement dispose de 90 m\u00b2 habitables et b\u00e9n\u00e9ficie d&rsquo;une distribution confortable et fonctionnelle.<br \/>Il comprend une cuisine ind\u00e9pendante avec acc\u00e8s \u00e0 un balcon-buanderie, \u00e9quip\u00e9e d&rsquo;un lave-linge et d&rsquo;un espace pour \u00e9tendre le linge. Le spacieux salon-salle \u00e0 manger se distingue par sa grande fen\u00eatre \u00e9quip\u00e9e de nouvelles menuiseries \u00e0 double vitrage, offrant une belle luminosit\u00e9 naturelle et davantage de confort.<br \/>Depuis le salon, on acc\u00e8de \u00e0 un balcon offrant une agr\u00e9able vue lat\u00e9rale sur la mer. Un espace ext\u00e9rieur plaisant qui constitue un v\u00e9ritable atout suppl\u00e9mentaire pour le logement.<br \/>La propri\u00e9t\u00e9 dispose \u00e9galement de 3 chambres et d&rsquo;une salle de bains compl\u00e8te avec bidet et baignoire.<br \/>Gr\u00e2ce aux g\u00e9n\u00e9reuses dimensions de l&rsquo;appartement et \u00e0 sa distribution, il est \u00e9galement tout \u00e0 fait possible d&rsquo;envisager facilement la cr\u00e9ation d&rsquo;une deuxi\u00e8me salle de bains compl\u00e8te, am\u00e9liorant ainsi davantage le confort et la fonctionnalit\u00e9 du bien.<br \/>Une place de parking dans le garage collectif couvert est incluse et l&rsquo;immeuble dispose d&rsquo;un ascenseur.<br \/>Gr\u00e2ce \u00e0 son emplacement exceptionnel, ses beaux volumes et sa proximit\u00e9 imm\u00e9diate de la mer, cette propri\u00e9t\u00e9 est id\u00e9ale aussi bien comme r\u00e9sidence principale ou secondaire que pour ceux qui recherchent une int\u00e9ressante opportunit\u00e9 d&rsquo;investissement \u00e0 El M\u00e9dano.<br \/>Charges de copropri\u00e9t\u00e9 : 50 &euro;\/mois.<br \/>IBI (taxe fonci\u00e8re) : 265 &euro;\/an.<\/p>\n","protected":false},"excerpt":{"rendered":"<p>Sun Property pr\u00e9sente ce spacieux appartement situ\u00e9 dans un emplacement privil\u00e9gi\u00e9 \u00e0 El M\u00e9dano, \u00e0 seulement 100 m\u00e8tres de la mer, dans l&rsquo;un des quartiers les plus attrayants et recherch\u00e9s de cette agr\u00e9able station baln\u00e9aire. Une excellente opportunit\u00e9 pour profiter de la proximit\u00e9 de la mer, du climat agr\u00e9able et de tout ce <\/p>\n","protected":false},"author":3,"featured_media":7188408,"parent":0,"menu_order":0,"template":"","property_type":[305],"property_status":[242],"property_feature":[246,270,282,293],"property_label":[],"property_country":[],"property_state":[168],"property_city":[377],"property_area":[378],"property_meta":{"fave_agent":["17769"],"fave_agents":["17769"],"fave_agent_display_option":["agent_info"],"property_agent":["17769"],"custom_permalink":["inmueble\/venta\/apartamento\/santa-cruz-de-tenerife\/granadilla-de-abona\/16409c26\/"],"_thumbnail_id":["7188408"],"post_id":["Array"],"original_author":["3"],"_edit_lock":["1604137107:1"],"_edit_last":["1"],"fave_property_map_street_view":["show"],"fave_payment_status":["not_paid"],"fave_single_top_area":["global"],"fave_single_content_area":["global"],"houzez_manual_expire":["0"],"fave_property_size_prefix":["m&sup2;"],"fave_property_map":["1"],"fave_additional_features_enable":["disable"],"fave_floor_plans_enable":["disable"],"fave_multiunit_plans_enable":["disable"],"fave_prop_homeslider":["no"],"fave_featured":["0"],"fave_property_address":["Granadilla de Abona,Santa Cruz de Tenerife"],"fave_property_zip":["38612"],"houzez_geolocation_lat":["28.046365490576"],"houzez_geolocation_long":["-16.535241989481"],"fave_property_location":["28.046365490576,-16.535241989481"],"fave_property_country":["ES"],"fave_property_map_address":["Granadilla de Abona,Santa Cruz de Tenerife,Spain"],"referencia":["16409c26"],"fave_property_id":["16409c26"],"fave_property_bedrooms":["3"],"fave_property_bathrooms":["1"],"fave_property_garage":["1"],"fave_property_land":["0"],"ave_property_land_postfix":["m&sup2;"],"fave_property_size":["96"],"fave_property_year":["1999"],"fave_energy_global_index":["0 kWh\/m&sup2; \/0 Kg CO2\/m&sup2;"],"fave_energy_class":["N"],"estate_attr_energy_class":["N"],"REAL_HOMES_property_emisiones":["0"],"REAL_HOMES_property_consumo":["0"],"REAL_HOMES_property_letra":["N"],"estate_video":[""],"fave_virtual_tour":[""],"vendidoInmueble":[""],"fave_property_price":["349000"],"fave_property_price_postfix":[""],"fave_property_images":["7188408","7188409","7188410","7188411","7188412","7188413","7188414","7188415","7188416","7188417","7188418","7188419","7188420","7188421","7188422","7188423","7188424","7188425"],"houzez_total_property_views":["3"],"houzez_views_by_date":["a:1:{s:10:\"09-05-2026\";i:3;}"],"houzez_recently_viewed":["2026-09-05 14:03:50"]},"_links":{"self":[{"href":"https:\/\/sunpropertyrealestate.com\/fr\/wp-json\/wp\/v2\/properties\/7188405"}],"collection":[{"href":"https:\/\/sunpropertyrealestate.com\/fr\/wp-json\/wp\/v2\/properties"}],"about":[{"href":"https:\/\/sunpropertyrealestate.com\/fr\/wp-json\/wp\/v2\/types\/property"}],"author":[{"embeddable":true,"href":"https:\/\/sunpropertyrealestate.com\/fr\/wp-json\/wp\/v2\/users\/3"}],"version-history":[{"count":0,"href":"https:\/\/sunpropertyrealestate.com\/fr\/wp-json\/wp\/v2\/properties\/7188405\/revisions"}],"wp:featuredmedia":[{"embeddable":true,"href":"https:\/\/sunpropertyrealestate.com\/fr\/wp-json\/wp\/v2\/media\/7188408"}],"wp:attachment":[{"href":"https:\/\/sunpropertyrealestate.com\/fr\/wp-json\/wp\/v2\/media?parent=7188405"}],"wp:term":[{"taxonomy":"property_type","embeddable":true,"href":"https:\/\/sunpropertyrealestate.com\/fr\/wp-json\/wp\/v2\/property_type?post=7188405"},{"taxonomy":"property_status","embeddable":true,"href":"https:\/\/sunpropertyrealestate.com\/fr\/wp-json\/wp\/v2\/property_status?post=7188405"},{"taxonomy":"property_feature","embeddable":true,"href":"https:\/\/sunpropertyrealestate.com\/fr\/wp-json\/wp\/v2\/property_feature?post=7188405"},{"taxonomy":"property_label","embeddable":true,"href":"https:\/\/sunpropertyrealestate.com\/fr\/wp-json\/wp\/v2\/property_label?post=7188405"},{"taxonomy":"property_country","embeddable":true,"href":"https:\/\/sunpropertyrealestate.com\/fr\/wp-json\/wp\/v2\/property_country?post=7188405"},{"taxonomy":"property_state","embeddable":true,"href":"https:\/\/sunpropertyrealestate.com\/fr\/wp-json\/wp\/v2\/property_state?post=7188405"},{"taxonomy":"property_city","embeddable":true,"href":"https:\/\/sunpropertyrealestate.com\/fr\/wp-json\/wp\/v2\/property_city?post=7188405"},{"taxonomy":"property_area","embeddable":true,"href":"https:\/\/sunpropertyrealestate.com\/fr\/wp-json\/wp\/v2\/property_area?post=7188405"}],"curies":[{"name":"wp","href":"https:\/\/api.w.org\/{rel}","templated":true}]}}